{"id":4078,"date":"2024-11-14T20:32:03","date_gmt":"2024-11-14T23:32:03","guid":{"rendered":"https:\/\/iscarena-cba.infd.edu.ar\/sitio\/?page_id=4078"},"modified":"2024-11-14T20:50:52","modified_gmt":"2024-11-14T23:50:52","slug":"jornadas-de-pensamiento-computacional","status":"publish","type":"page","link":"https:\/\/iscarena-cba.infd.edu.ar\/sitio\/jornadas-de-pensamiento-computacional\/","title":{"rendered":"Jornadas de Pensamiento Computacional"},"content":{"rendered":"\n<p>Dentro del calendario anual institucional de eventos organizados por el Instituto Sup. Dr. Carlos M. Carena, la Tecnicatura Superior en Desarrollo de Software organiza todos los a\u00f1os la \u201cJornadas de Pensamiento Computacional\u201d, evento que se realiza en el mes de octubre con el apoyo del equipo de gesti\u00f3n institucional, el coordinador de carrera Ing. Horacio Mart\u00ednez, los y las estudiantes de 3er a\u00f1o, coordinados por el profesor de \u00c9tica y Deontolog\u00eda Profesional Dr. Gustavo Morales. En sus ediciones, se abordan distintas tem\u00e1ticas vinculadas con el amplio campo de la inform\u00e1tica y se invitan a reconocidos acad\u00e9micos y profesionales de nivel nacional, con participaci\u00f3n de acad\u00e9micos y profesionales del extranjero.<\/p>\n\n\n\n<p>El prop\u00f3sito de estas Jornadas consiste en ofrecer miradas alternativas al enfoque dominante sobre las tecnolog\u00edas de la informaci\u00f3n y la comunicaci\u00f3n, enfoque que desde hace d\u00e9cadas pone un \u00e9nfasis excesivo en la dimensi\u00f3n utilitaria de la tecnolog\u00eda. Por el contrario, la dimensi\u00f3n social, \u00e9tica y pol\u00edtica de la inform\u00e1tica es recurrente en las conferencias propuestas cada a\u00f1o, como tambi\u00e9n lo es la perspectiva hist\u00f3rico-filos\u00f3fica y la preocupaci\u00f3n por los fundamentos de la inform\u00e1tica.<\/p>\n\n\n\n<p>Por \u00faltimo, la Jornada de Pensamiento Computacional persigue el objetivo de involucrar, desde el primer d\u00eda de clase, a los y las estudiantes de la Tecnicatura en Desarrollo de Software no s\u00f3lo en la organizaci\u00f3n del evento \u2013como destacamos m\u00e1s arriba\u2013 sino en la tem\u00e1tica que se va a tratar en&nbsp;cada&nbsp;una.<\/p>\n\n\n\n<p>Si quer\u00e9s m\u00e1s info, ver temarios, videos, podes acceder a nuestra -> <strong><a href=\"https:\/\/jdpcarena.glide.page\">App.<\/a><\/strong><\/p>\n","protected":false},"excerpt":{"rendered":"<p>Dentro del calendario anual institucional de eventos organizados por el Instituto Sup. Dr. Carlos M. Carena, la Tecnicatura Superior en Desarrollo de Software organiza todos los a\u00f1os la \u201cJornadas de Pensamiento Computacional\u201d, evento que se realiza en el mes de octubre con el apoyo del equipo de gesti\u00f3n institucional, el coordinador de carrera Ing. Horacio &#8230; <a title=\"Jornadas de Pensamiento Computacional\" class=\"read-more\" href=\"https:\/\/iscarena-cba.infd.edu.ar\/sitio\/jornadas-de-pensamiento-computacional\/\" aria-label=\"More on Jornadas de Pensamiento Computacional\">[+]<\/a><\/p>\n","protected":false},"author":1285,"featured_media":0,"parent":0,"menu_order":0,"comment_status":"closed","ping_status":"closed","template":"","meta":[],"acf":[],"_links":{"self":[{"href":"https:\/\/iscarena-cba.infd.edu.ar\/sitio\/wp-json\/wp\/v2\/pages\/4078"}],"collection":[{"href":"https:\/\/iscarena-cba.infd.edu.ar\/sitio\/wp-json\/wp\/v2\/pages"}],"about":[{"href":"https:\/\/iscarena-cba.infd.edu.ar\/sitio\/wp-json\/wp\/v2\/types\/page"}],"author":[{"embeddable":true,"href":"https:\/\/iscarena-cba.infd.edu.ar\/sitio\/wp-json\/wp\/v2\/users\/1285"}],"replies":[{"embeddable":true,"href":"https:\/\/iscarena-cba.infd.edu.ar\/sitio\/wp-json\/wp\/v2\/comments?post=4078"}],"version-history":[{"count":4,"href":"https:\/\/iscarena-cba.infd.edu.ar\/sitio\/wp-json\/wp\/v2\/pages\/4078\/revisions"}],"predecessor-version":[{"id":4086,"href":"https:\/\/iscarena-cba.infd.edu.ar\/sitio\/wp-json\/wp\/v2\/pages\/4078\/revisions\/4086"}],"wp:attachment":[{"href":"https:\/\/iscarena-cba.infd.edu.ar\/sitio\/wp-json\/wp\/v2\/media?parent=4078"}],"curies":[{"name":"wp","href":"https:\/\/api.w.org\/{rel}","templated":true}]}}